{"id":1077,"date":"2019-11-04T08:58:18","date_gmt":"2019-11-04T08:58:18","guid":{"rendered":"https:\/\/activa-belgium.com\/accueil\/"},"modified":"2024-12-17T16:16:35","modified_gmt":"2024-12-17T16:16:35","slug":"accueil","status":"publish","type":"page","link":"https:\/\/activa-belgium.com\/en\/","title":{"rendered":"Home"},"content":{"rendered":"<div class=\"wpb-content-wrapper\"><p>[vc_row full_width=&#8221;stretch_row_content_no_spaces&#8221; equal_height=&#8221;yes&#8221; content_placement=&#8221;middle&#8221; el_class=&#8221;respo-slider&#8221; css=&#8221;.vc_custom_1633622585313{padding-top: 70% !important;background-image: url(https:\/\/activa-belgium.com\/wp-content\/uploads\/2019\/11\/entreprise-publics-activa-societe-nettoyage-Carli-Bruxelles.jpg?id=543) !important;background-position: center !important;background-repeat: no-repeat !important;background-size: cover !important;}&#8221;][vc_column css=&#8221;.vc_custom_1633620678523{padding-top: 0px !important;}&#8221;][\/vc_column][\/vc_row][vc_row][vc_column][vc_column_text][\/vc_column_text][\/vc_column][\/vc_row][vc_row content_placement=&#8221;middle&#8221; disable_element=&#8221;yes&#8221; css=&#8221;.vc_custom_1633014106536{margin-top: 50px !important;}&#8221;][vc_column width=&#8221;1\/2&#8243;][vc_single_image image=&#8221;1983&#8243; img_size=&#8221;full&#8221; alignment=&#8221;center&#8221;][\/vc_column][vc_column width=&#8221;1\/2&#8243;][vc_column_text]<\/p>\n<h2>Cleaning | Disinfection<\/h2>\n<p>Activa, professional disinfection for companies in Belgium.[\/vc_column_text][\/vc_column][\/vc_row][vc_row content_placement=&#8221;middle&#8221; disable_element=&#8221;yes&#8221; css=&#8221;.vc_custom_1633014111006{margin-top: 0px !important;}&#8221;][vc_column width=&#8221;1\/2&#8243;][vc_column_text]All our cleaning and disinfection services are carried out with professional machines and products adapted to the different needs of each person.[\/vc_column_text][\/vc_column][vc_column width=&#8221;1\/2&#8243;][vc_column_text el_class=&#8221;black-video&#8221;]<\/p>\n<div class=\"video-cls\"><video controls=\"controls\" width=\"100%\" height=\"350\"><source src=\"\/wp-content\/uploads\/2020\/07\/VIDEO-2020-07-26-17-41-31.mp4\" type=\"video\/mp4\" \/><\/video><\/div>\n<p>[\/vc_column_text][\/vc_column][\/vc_row][vc_row css=&#8221;.vc_custom_1633014134806{padding-top: 60px !important;}&#8221;][vc_column][vc_column_text]<\/p>\n<h2 style=\"text-align: center; font-size: 30px;\">ACTIVA &#8211; LEADER IN THE CLEANING SECTOR IN BELGIUM<\/h2>\n<p>[\/vc_column_text][\/vc_column][\/vc_row][vc_row full_width=&#8221;stretch_row_content&#8221; css=&#8221;.vc_custom_1574440707887{margin-top: 40px !important;padding-right: 10% !important;padding-left: 10% !important;}&#8221; el_class=&#8221;heading-titre&#8221;][vc_column][vc_row_inner equal_height=&#8221;yes&#8221; gap=&#8221;10&#8243; el_class=&#8221;animation services&#8221;][vc_column_inner el_class=&#8221;respo2&#8243; width=&#8221;1\/4&#8243;][vc_single_image image=&#8221;154&#8243; img_size=&#8221;full&#8221; alignment=&#8221;center&#8221; onclick=&#8221;custom_link&#8221; css=&#8221;.vc_custom_1579518676199{margin-bottom: 0px !important;padding-bottom: 0px !important;}&#8221; link=&#8221;\/en\/entretien-general-periodique\/&#8221;][vc_column_text]<\/p>\n<p class=\"titre1\" style=\"text-align: center;\"><a href=\"\/en\/entretien-general-periodique\/\">General and periodic<br \/>\n<strong>Maintenance<\/strong><\/a><\/p>\n<p style=\"text-align: justify;\">For the <strong>general and periodic maintenance<\/strong> of your premises, your company in Brussels or anywhere in Belgium, call on our <strong>cleaning experts<\/strong>.<\/p>\n<p>[\/vc_column_text][\/vc_column_inner][vc_column_inner el_class=&#8221;respo2&#8243; width=&#8221;1\/4&#8243;][vc_single_image image=&#8221;1264&#8243; img_size=&#8221;full&#8221; alignment=&#8221;center&#8221; onclick=&#8221;custom_link&#8221; css=&#8221;.vc_custom_1579518681436{margin-bottom: 0px !important;padding-bottom: 0px !important;}&#8221; link=&#8221;\/en\/entretien-lieux-publics\/&#8221;][vc_column_text]<\/p>\n<p class=\"titre1\" style=\"text-align: center;\"><a href=\"\/en\/entretien-specialise\/\">Specific<br \/>\n<strong> Maintenance\u00a0<\/strong><\/a><\/p>\n<p style=\"text-align: justify;\">If you need a more <strong>specialized maintenance<\/strong> of your premises, <strong>your production line<\/strong>, your <strong>collective or professional kitchen<\/strong> or for any other special cleaning, ask for your <strong>100% free quote<\/strong>.<\/p>\n<p>[\/vc_column_text][\/vc_column_inner][vc_column_inner el_class=&#8221;respo2&#8243; width=&#8221;1\/4&#8243;][vc_single_image image=&#8221;158&#8243; img_size=&#8221;full&#8221; alignment=&#8221;center&#8221; onclick=&#8221;custom_link&#8221; css=&#8221;.vc_custom_1579518698572{margin-bottom: 0px !important;padding-bottom: 0px !important;}&#8221; link=&#8221;\/en\/entretien-vitrage\/&#8221;][vc_column_text]<\/p>\n<p class=\"titre1\" style=\"text-align: center;\"><a href=\"\/en\/entretien-vitrage\/\">Glazing<br \/>\n<strong>Maintenance\u00a0<\/strong><\/a><\/p>\n<p style=\"text-align: justify;\">For the complete <strong>cleaning of your windows<\/strong>, whether in a small business, a shopping centre or a building, our teams are at your service. They are trained in risk assessment and working at height. Thanks to them, <strong>your glass fa\u00e7ades will regain all their brilliance<\/strong>.<\/p>\n<p>[\/vc_column_text][\/vc_column_inner][vc_column_inner el_class=&#8221;respo2&#8243; width=&#8221;1\/4&#8243;][vc_single_image image=&#8221;1011&#8243; img_size=&#8221;full&#8221; alignment=&#8221;center&#8221; onclick=&#8221;custom_link&#8221; css=&#8221;.vc_custom_1579518705476{margin-bottom: 0px !important;padding-bottom: 0px !important;}&#8221; link=&#8221;\/en\/entretien-lieux-publics\/&#8221;][vc_column_text]<\/p>\n<p class=\"titre1\" style=\"text-align: center;\"><a href=\"\/en\/entretien-lieux-publics\/\">Public places<br \/>\n<strong>Maintenance\u00a0<\/strong><\/a><\/p>\n<p style=\"text-align: justify;\">For railway stations, shopping and sports centres, cultural venues and all <strong>public spaces<\/strong>, call on our cleaning services. We are available to answer all your requests <strong>24 hours a day, 7 days a week<\/strong>.<\/p>\n<p>[\/vc_column_text][\/vc_column_inner][\/vc_row_inner][vc_row_inner equal_height=&#8221;yes&#8221; gap=&#8221;10&#8243; el_class=&#8221;animation services&#8221;][vc_column_inner el_class=&#8221;respo2&#8243; width=&#8221;1\/4&#8243;][vc_single_image image=&#8221;598&#8243; img_size=&#8221;full&#8221; alignment=&#8221;center&#8221; onclick=&#8221;custom_link&#8221; css=&#8221;.vc_custom_1579518711951{margin-bottom: 0px !important;padding-bottom: 0px !important;}&#8221; link=&#8221;\/en\/entretien-industriel\/&#8221;][vc_column_text]<\/p>\n<p class=\"titre1\" style=\"text-align: center;\"><a href=\"\/en\/entretien-industriel\/\">Industrial<br \/>\n<strong>Maintenance\u00a0<\/strong><\/a><\/p>\n<p style=\"text-align: justify;\">All industries require special and <strong>customized cleaning<\/strong>. We are at your disposal to ensure the <strong>complete maintenance of your industrial site<\/strong> according to the standards in Belgium.<\/p>\n<p>[\/vc_column_text][\/vc_column_inner][vc_column_inner el_class=&#8221;respo2&#8243; width=&#8221;1\/4&#8243;][vc_single_image image=&#8221;1271&#8243; img_size=&#8221;full&#8221; alignment=&#8221;center&#8221; onclick=&#8221;custom_link&#8221; css=&#8221;.vc_custom_1579518717166{margin-bottom: 0px !important;padding-bottom: 0px !important;}&#8221; link=&#8221;\/en\/entretien-zone-alimentaire\/&#8221;][vc_column_text]<\/p>\n<p class=\"titre1\" style=\"text-align: center;\"><a href=\"\/en\/entretien-zone-alimentaire\/\">Food Zone<br \/>\n<strong>Maintenance\u00a0<\/strong><\/a><\/p>\n<p style=\"text-align: justify;\">We are authorised to <strong>clean food areas in accordance with HACCP standards<\/strong>. Our teams respect the protocols imposed by the <strong>food sector<\/strong> for the cleaning of these ultra-sensitive areas.<\/p>\n<p>[\/vc_column_text][\/vc_column_inner][vc_column_inner el_class=&#8221;respo2&#8243; width=&#8221;1\/4&#8243;][vc_single_image image=&#8221;594&#8243; img_size=&#8221;full&#8221; alignment=&#8221;center&#8221; onclick=&#8221;custom_link&#8221; css=&#8221;.vc_custom_1579518725258{margin-bottom: 0px !important;padding-bottom: 0px !important;}&#8221; link=&#8221;\/en\/installations\/&#8221;][vc_column_text]<\/p>\n<p class=\"titre1\" style=\"text-align: center;\"><a href=\"\/en\/installations\/\">Facility<br \/>\n<strong>Service<\/strong><\/a><\/p>\n<p style=\"text-align: justify;\">For the maintenance and upkeep of your buildings and installations, our specialised team will be at your disposal to intervene at the location of your choice in order to best meet all your expectations.<\/p>\n<p>[\/vc_column_text][\/vc_column_inner][vc_column_inner el_class=&#8221;respo2&#8243; width=&#8221;1\/4&#8243;][vc_single_image image=&#8221;162&#8243; img_size=&#8221;full&#8221; alignment=&#8221;center&#8221; onclick=&#8221;custom_link&#8221; css=&#8221;.vc_custom_1579770932935{margin-bottom: 0px !important;padding-bottom: 0px !important;}&#8221; link=&#8221;\/en\/Handyman\/&#8221;][vc_column_text]<\/p>\n<p class=\"titre1\" style=\"text-align: center;\"><a href=\"\/en\/Handyman\/\">Handyman<br \/>\n<strong>Service<\/strong><\/a><\/p>\n<p style=\"text-align: justify;\">For all your <strong>small daily tasks<\/strong>, for the <strong>regular maintenance of your business<\/strong>, whether it be <strong>plumbing<\/strong>, <strong>carpentry<\/strong> or even <strong>small internal moves<\/strong>, call on the services of our <strong>professional handymen<\/strong>.<\/p>\n<p>[\/vc_column_text][\/vc_column_inner][\/vc_row_inner][\/vc_column][\/vc_row][vc_row full_width=&#8221;stretch_row&#8221; disable_element=&#8221;yes&#8221; el_class=&#8221;animation bg-size1 pd1&#8243; css=&#8221;.vc_custom_1633527838241{margin-bottom: -35px !important;background-image: url(https:\/\/activa-belgium.com\/wp-content\/uploads\/2019\/11\/nos-xertifications-activa-societe-nettoyage-Carli-Bruxelles.png?id=802) !important;background-position: 0 0 !important;background-repeat: no-repeat !important;}&#8221;][vc_column][vc_column_text css_animation=&#8221;fadeInLeft&#8221;]<\/p>\n<h3 style=\"text-align: center;\">OUR CERTIFICATIONS<\/h3>\n<p>[\/vc_column_text][vc_row_inner][vc_column_inner width=&#8221;1\/3&#8243;][vc_single_image image=&#8221;1206&#8243; img_size=&#8221;full&#8221; alignment=&#8221;center&#8221; onclick=&#8221;custom_link&#8221; link=&#8221;\/en\/nos-certifications\/&#8221;][\/vc_column_inner][vc_column_inner width=&#8221;1\/3&#8243;][vc_single_image image=&#8221;1209&#8243; img_size=&#8221;full&#8221; alignment=&#8221;center&#8221; onclick=&#8221;custom_link&#8221; link=&#8221;\/en\/nos-certifications\/&#8221;][\/vc_column_inner][vc_column_inner width=&#8221;1\/3&#8243;][vc_single_image image=&#8221;1026&#8243; img_size=&#8221;full&#8221; alignment=&#8221;center&#8221; onclick=&#8221;custom_link&#8221; link=&#8221;\/en\/nos-certifications\/&#8221;][\/vc_column_inner][\/vc_row_inner][\/vc_column][\/vc_row][vc_row full_width=&#8221;stretch_row&#8221; el_class=&#8221;animation bg-size1 pd1 bg-dark&#8221; css=&#8221;.vc_custom_1633527890893{margin-bottom: -35px !important;background-image: url(https:\/\/activa-belgium.com\/wp-content\/uploads\/2021\/10\/bg-contact-services-activa-societe-nettoyage-Carli-Bruxelles.jpg?id=2230) !important;background-position: 0 0 !important;background-repeat: no-repeat !important;}&#8221;][vc_column][vc_column_text css_animation=&#8221;fadeInLeft&#8221;]<\/p>\n<h3 style=\"text-align: center;\">OUR CERTIFICATIONS<\/h3>\n<p>[\/vc_column_text][vc_row_inner][vc_column_inner width=&#8221;1\/3&#8243;][vc_single_image image=&#8221;1206&#8243; img_size=&#8221;full&#8221; alignment=&#8221;center&#8221; onclick=&#8221;custom_link&#8221; link=&#8221;\/en\/nos-certifications\/&#8221;][\/vc_column_inner][vc_column_inner width=&#8221;1\/3&#8243;][vc_single_image image=&#8221;1209&#8243; img_size=&#8221;full&#8221; alignment=&#8221;center&#8221; onclick=&#8221;custom_link&#8221; link=&#8221;\/en\/nos-certifications\/&#8221;][\/vc_column_inner][vc_column_inner width=&#8221;1\/3&#8243;][vc_single_image image=&#8221;2623&#8243; img_size=&#8221;full&#8221; alignment=&#8221;center&#8221; onclick=&#8221;custom_link&#8221; link=&#8221;\/en\/nos-certifications\/&#8221;][\/vc_column_inner][\/vc_row_inner][\/vc_column][\/vc_row][vc_row full_width=&#8221;stretch_row&#8221; content_placement=&#8221;middle&#8221; css=&#8221;.vc_custom_1574941119260{background-image: url(https:\/\/activa-belgium.com\/wp-content\/uploads\/2019\/11\/lieux-activa-societe-nettoyage-Carli-Bruxelles-1.png?id=782) !important;background-position: 0 0 !important;background-repeat: no-repeat !important;}&#8221; el_class=&#8221;bg-size logo-showcase-1&#8243;][vc_column][vc_column_text css_animation=&#8221;fadeInLeft&#8221;]<\/p>\n<h3 style=\"text-align: center;\">OUR REFERENCES<\/h3>\n<p style=\"text-align: center;\">Here are some of our 600 clients <strong>who trust us:<\/strong><\/p>\n<p>[\/vc_column_text][vc_column_text]\n\t\t<style>\n\t\t\t#wpls-logo-showcase-slider-1 .wpls-fix-box,\n\t\t\t#wpls-logo-showcase-slider-1 .wpls-fix-box img.wp-post-image{max-height:250px; }\n\t\t<\/style>\n\n\t\t<div class=\"wpls-wrap wpls-logo-showcase-slider-wrp wpls-logo-clearfix wpls-design-1 \" data-conf=\"{&quot;slides_column&quot;:4,&quot;slides_scroll&quot;:1,&quot;dots&quot;:&quot;true&quot;,&quot;arrows&quot;:&quot;false&quot;,&quot;autoplay&quot;:&quot;true&quot;,&quot;autoplay_interval&quot;:3000,&quot;loop&quot;:&quot;true&quot;,&quot;rtl&quot;:&quot;false&quot;,&quot;speed&quot;:&quot;1000&quot;,&quot;center_mode&quot;:&quot;false&quot;,&quot;lazyload&quot;:&quot;&quot;}\">\n\t\t\t<div class=\"wpls-logo-showcase logo_showcase wpls-logo-slider  sliderimage_hide_border \" id=\"wpls-logo-showcase-slider-1\" >\n\t\t\t\t<div class=\"wpls-logo-cnt\">\n\t<div class=\"wpls-fix-box\">\n\t\t\t\t<img decoding=\"async\" class=\"wp-post-image\"  src=\"https:\/\/activa-belgium.com\/wp-content\/uploads\/2019\/11\/carrefour-activa-societe-nettoyage-Carli-Bruxelles.png\" alt=\"carrefour-activa-societe-nettoyage-Carli-Bruxelles\" \/>\n\t\t\t<\/div>\n\t<\/div><div class=\"wpls-logo-cnt\">\n\t<div class=\"wpls-fix-box\">\n\t\t\t\t<img decoding=\"async\" class=\"wp-post-image\"  src=\"https:\/\/activa-belgium.com\/wp-content\/uploads\/2019\/11\/centre-commercial-activa-societe-nettoyage-Carli-Bruxelles-1.png\" alt=\"\" \/>\n\t\t\t<\/div>\n\t<\/div><div class=\"wpls-logo-cnt\">\n\t<div class=\"wpls-fix-box\">\n\t\t\t\t<img decoding=\"async\" class=\"wp-post-image\"  src=\"https:\/\/activa-belgium.com\/wp-content\/uploads\/2019\/11\/defense-activa-societe-nettoyage-Carli-Bruxelles.png\" alt=\"defense-activa-societe-nettoyage-Carli-Bruxelles\" \/>\n\t\t\t<\/div>\n\t<\/div><div class=\"wpls-logo-cnt\">\n\t<div class=\"wpls-fix-box\">\n\t\t\t\t<img decoding=\"async\" class=\"wp-post-image\"  src=\"https:\/\/activa-belgium.com\/wp-content\/uploads\/2019\/11\/eggo-activa-societe-nettoyage-Carli-Bruxelles.png\" alt=\"eggo-activa-societe-nettoyage-Carli-Bruxelles\" \/>\n\t\t\t<\/div>\n\t<\/div><div class=\"wpls-logo-cnt\">\n\t<div class=\"wpls-fix-box\">\n\t\t\t\t<img decoding=\"async\" class=\"wp-post-image\"  src=\"https:\/\/activa-belgium.com\/wp-content\/uploads\/2019\/11\/galeria-inno-activa-societe-nettoyage-Carli-Bruxelles.png\" alt=\"galeria-inno-activa-societe-nettoyage-Carli-Bruxelles\" \/>\n\t\t\t<\/div>\n\t<\/div><div class=\"wpls-logo-cnt\">\n\t<div class=\"wpls-fix-box\">\n\t\t\t\t<img decoding=\"async\" class=\"wp-post-image\"  src=\"https:\/\/activa-belgium.com\/wp-content\/uploads\/2019\/11\/Cora_logo.svg-1.png\" alt=\"\" \/>\n\t\t\t<\/div>\n\t<\/div><div class=\"wpls-logo-cnt\">\n\t<div class=\"wpls-fix-box\">\n\t\t\t\t<img decoding=\"async\" class=\"wp-post-image\"  src=\"https:\/\/activa-belgium.com\/wp-content\/uploads\/2019\/11\/media-markt-activa-societe-nettoyage-Carli-Bruxelles.jpg\" alt=\"media-markt-activa-societe-nettoyage-Carli-Bruxelles\" \/>\n\t\t\t<\/div>\n\t<\/div><div class=\"wpls-logo-cnt\">\n\t<div class=\"wpls-fix-box\">\n\t\t\t\t<img decoding=\"async\" class=\"wp-post-image\"  src=\"https:\/\/activa-belgium.com\/wp-content\/uploads\/2019\/11\/Cora_logo.svg.png\" alt=\"\" \/>\n\t\t\t<\/div>\n\t<\/div><div class=\"wpls-logo-cnt\">\n\t<div class=\"wpls-fix-box\">\n\t\t\t\t<img decoding=\"async\" class=\"wp-post-image\"  src=\"https:\/\/activa-belgium.com\/wp-content\/uploads\/2019\/11\/viangro-activa-societe-nettoyage-Carli-Bruxelles.jpg\" alt=\"viangro-activa-societe-nettoyage-Carli-Bruxelles\" \/>\n\t\t\t<\/div>\n\t<\/div>\t\t\t<\/div>\n\t\t<\/div>\n\n\t\t[\/vc_column_text][\/vc_column][\/vc_row][vc_row content_placement=&#8221;middle&#8221; css=&#8221;.vc_custom_1638530254248{padding-top: 20px !important;padding-bottom: 40px !important;}&#8221;][vc_column width=&#8221;1\/2&#8243; el_class=&#8221;radui&#8221; css=&#8221;.vc_custom_1638530218750{padding-bottom: 50% !important;background-image: url(https:\/\/activa-belgium.com\/wp-content\/uploads\/2021\/12\/activa-nos-services-realisation-belgique2.jpg?id=2327) !important;background-position: center !important;background-repeat: no-repeat !important;background-size: cover !important;}&#8221;][\/vc_column][vc_column width=&#8221;1\/2&#8243; el_class=&#8221;paddtxt&#8221;][vc_column_text css_animation=&#8221;fadeInUp&#8221;]<\/p>\n<h2>ACTIVA &#8211; CLEANING COMPANY BELGIAN<\/h2>\n<p>Our Brussels-based <strong> cleaning company, Activa was founded in 1997. It is not a <strong>company <\/strong> like the others, we are <strong> a 100% Belgian family business.<\/strong><\/strong><\/p>\n<p>Since our opening, Activa has had the chance to work for more than 600 customers, including large multinationals. With an annual turnover of more than 32 million euros, Activa has the ambition to develop <strong> sustainably<\/strong> and wishes to <strong> implement new actions<\/strong> in the years to come.<\/p>\n<p>Our <strong> employees and our workers<\/strong> are our greatest strength! We take care to accompany, train and protect them in the best possible way in the daily exercise of their duties.[\/vc_column_text][\/vc_column][\/vc_row][vc_row content_placement=&#8221;middle&#8221; css=&#8221;.vc_custom_1638530350083{padding-bottom: 40px !important;}&#8221;][vc_column width=&#8221;1\/2&#8243;][vc_column_text css_animation=&#8221;fadeIn&#8221;]<\/p>\n<h3><strong>OUR TEAM<\/strong><\/h3>\n<p>In Belgium, we are more than <strong>1000 employees<\/strong> to best meet all the demands of our customers.<\/p>\n<p>Our staff comes from all professional backgrounds, from all origins, a multiculturalism that we are proud of and that we wish to put forward in order to move society forward.<\/p>\n<p>Thanks to our professionalism, Activa is part of the <strong>TOP 10 in the cleaning sector in Belgium <\/strong>(8th in 2018). Every day, we do our best to continuously improve our services.[\/vc_column_text][\/vc_column][vc_column width=&#8221;1\/2&#8243; el_class=&#8221;radui&#8221; css=&#8221;.vc_custom_1638530288331{padding-bottom: 50% !important;background-image: url(https:\/\/activa-belgium.com\/wp-content\/uploads\/2021\/12\/activa-nos-services-realisation-belgique-1.jpg?id=2300) !important;background-position: center !important;background-repeat: no-repeat !important;background-size: cover !important;}&#8221;][\/vc_column][\/vc_row][vc_row full_width=&#8221;stretch_row&#8221; content_placement=&#8221;middle&#8221; css=&#8221;.vc_custom_1573827026159{padding-top: 10% !important;background-image: url(https:\/\/activa-belgium.com\/wp-content\/uploads\/2019\/11\/nos-machines-activa-societe-nettoyage-Carli-Bruxelles.png?id=202) !important;background-position: 0 0 !important;background-repeat: no-repeat !important;}&#8221; el_class=&#8221;bg-size&#8221;][vc_column width=&#8221;1\/2&#8243;][vc_column_text css_animation=&#8221;fadeIn&#8221;]<\/p>\n<h3>OUR SUPPLIERS<\/h3>\n<p>Activa works in close collaboration with various suppliers in order to propose the solutions and techniques best suited to each of its customers while respecting :<\/p>\n<ul class=\"list\">\n<li>The legal requirements for safety and hygiene;<\/li>\n<li>The environment (eco-labels);<\/li>\n<li>Quality and efficiency;<\/li>\n<li>Wellness.<\/li>\n<\/ul>\n<p>[\/vc_column_text][vc_empty_space][\/vc_column][vc_column width=&#8221;1\/2&#8243;][vc_single_image image=&#8221;1307&#8243; img_size=&#8221;full&#8221; alignment=&#8221;center&#8221;][vc_empty_space][\/vc_column][\/vc_row][vc_row full_width=&#8221;stretch_row&#8221; disable_element=&#8221;yes&#8221; css=&#8221;.vc_custom_1574431443326{margin-top: 40px !important;padding-top: 7% !important;padding-bottom: 7% !important;background-image: url(https:\/\/activa-belgium.com\/wp-content\/uploads\/2019\/11\/Nos-certifications-activa-societe-nettoyage-Carli-Bruxelles-1.png?id=295) !important;background-position: 0 0 !important;background-repeat: no-repeat !important;}&#8221; el_class=&#8221;bg-size respo3 respo4&#8243;][vc_column][vc_column_text css_animation=&#8221;fadeInLeft&#8221; el_class=&#8221;color&#8221;]<\/p>\n<h3 style=\"text-align: center; color: #0d4d87 !important;\"><strong>ACTIVA \u2013 NOS CERTIFICATIONS<\/strong><\/h3>\n<p style=\"text-align: center;\">Pour r\u00e9pondre \u00e0 toutes les <strong>exigences de nos clients<\/strong>, nous disposons de nombreuses certifications\u00a0:<\/p>\n<p>[\/vc_column_text][vc_row_inner equal_height=&#8221;yes&#8221;][vc_column_inner el_class=&#8221;respo1&#8243; width=&#8221;1\/3&#8243;][vc_column_text]<\/p>\n<div class=\"accordion\"><div class=\"mfn-acc accordion_wrapper \"><div class=\"question\"><div class=\"title\"><i class=\"icon-plus acc-icon-plus\"><\/i><i class=\"icon-minus acc-icon-minus\"><\/i>Iso 9001 <\/div><div class=\"answer\">Cette certification engage une r\u00e9flexion de notre entreprise, de nos \u00e9quipes sur la qualit\u00e9 de nos services et une remise en question perp\u00e9tuelle pour am\u00e9liorer nos services, notre syst\u00e8me de management,\u2026<\/p>\n<div class=\"center-btn1 vc_btn3-container wpb_animate_when_almost_visible wpb_fadeInUp fadeInUp vc_btn3-left wpb_start_animation animated\"><a class=\"vc_general vc_btn3 vc_btn3-size-md vc_btn3-shape-round vc_btn3-style-flat vc_btn3-color-primary\" title=\"\" href=\"\/wp-content\/uploads\/2019\/11\/Certification-1.pdf\" target=\"_blank\" rel=\"noopener noreferrer\">Voir certificat<\/a><\/div>\n<p><\/div><\/div>\n<\/div><\/div>\n\n<p>[\/vc_column_text][\/vc_column_inner][vc_column_inner el_class=&#8221;respo1&#8243; width=&#8221;1\/3&#8243;][vc_column_text]<\/p>\n<div class=\"accordion\"><div class=\"mfn-acc accordion_wrapper \"><div class=\"question\"><div class=\"title\"><i class=\"icon-plus acc-icon-plus\"><\/i><i class=\"icon-minus acc-icon-minus\"><\/i>Iso 14001 <\/div><div class=\"answer\">L\u2019Iso 14001 est une certification pour<strong>\u00a0le respect de l\u2019environnement.<\/strong>\u00a0Chez Activa, nous souhaitons r\u00e9duire l\u2019impact de nos activit\u00e9s quotidiennes sur l\u2019environnement. Nous utilisons des produits de nettoyage professionnels 100% \u00e9cologiques. Nos machines sont modernes et haut de gamme afin de ne pas polluer inutilement. Le concept de nettoyage que nous proposons \u00e0 l\u2019ensemble de nos clients est \u00e0 la pointe du progr\u00e8s.<\/p>\n<div class=\"center-btn1 vc_btn3-container wpb_animate_when_almost_visible wpb_fadeInUp fadeInUp vc_btn3-left wpb_start_animation animated\"><a class=\"vc_general vc_btn3 vc_btn3-size-md vc_btn3-shape-round vc_btn3-style-flat vc_btn3-color-primary\" title=\"\" href=\"\/wp-content\/uploads\/2019\/11\/Certification-2.pdf\" target=\"_blank\" rel=\"noopener noreferrer\">Voir certificat<\/a><\/div>\n<p><\/div><\/div>\n<\/div><\/div>\n\n<p>[\/vc_column_text][\/vc_column_inner][vc_column_inner el_class=&#8221;respo1&#8243; width=&#8221;1\/3&#8243;][vc_column_text]<div class=\"accordion\"><div class=\"mfn-acc accordion_wrapper \"><div class=\"question\"><div class=\"title\"><i class=\"icon-plus acc-icon-plus\"><\/i><i class=\"icon-minus acc-icon-minus\"><\/i>VCA (Lavage des vitres et grand nettoyage \u00e0 la demande du client ) <\/div><div class=\"answer\">La certification VCA est une certification qui atteste de la s\u00e9curit\u00e9 et du bien-\u00eatre de nos travailleurs au sein de notre entreprise. Nous avons mis en place de nombreuses r\u00e8gles et normes de s\u00e9curit\u00e9 afin de leur permettre de travailler dans d\u2019excellentes conditions, sans aucune mise en danger et sans exposition inutile \u00e0 des risques d\u2019accident.<\/p>\n<div class=\"center-btn1 vc_btn3-container wpb_animate_when_almost_visible wpb_fadeInUp fadeInUp vc_btn3-left wpb_start_animation animated\"><a class=\"vc_general vc_btn3 vc_btn3-size-md vc_btn3-shape-round vc_btn3-style-flat vc_btn3-color-primary\" title=\"\" href=\"\/wp-content\/uploads\/2019\/11\/Certification-3-FR.pdf\" target=\"_blank\" rel=\"noopener noreferrer\">Voir certificat<\/a><\/div>\n<p><\/div><\/div>\n<\/div><\/div>\n[\/vc_column_text][\/vc_column_inner][\/vc_row_inner][\/vc_column][\/vc_row][vc_row content_placement=&#8221;middle&#8221; css=&#8221;.vc_custom_1638530472293{margin-top: 40px !important;margin-bottom: 40px !important;}&#8221;][vc_column width=&#8221;1\/2&#8243; el_class=&#8221;radui&#8221; css=&#8221;.vc_custom_1638530809942{padding-bottom: 50% !important;background-image: url(https:\/\/activa-belgium.com\/wp-content\/uploads\/2021\/12\/activa-nos-services-realisation-belgique3.jpg?id=2330) !important;background-position: center !important;background-repeat: no-repeat !important;background-size: cover !important;}&#8221;][\/vc_column][vc_column width=&#8221;1\/2&#8243; el_class=&#8221;paddtxt&#8221;][vc_column_text css_animation=&#8221;fadeIn&#8221;]<\/p>\n<h3><strong>INTERVENTIONS<\/strong><\/h3>\n<p>We work for our customers, 24 hours a day, 7 days a week, all year round, without any interruption.<\/p>\n<p>Our <strong> rapid response service allows us to intervene in the shortest possible time in the event of exceptional events such as fire, theft, flooding,&#8230; . This will prevent you from aggravating the problem, the proliferation of bacteria, moulds or other pollutants toxic to health.[\/vc_column_text][\/vc_column][\/vc_row][vc_row disable_element=&#8221;yes&#8221;][vc_column width=&#8221;1\/6&#8243;][\/vc_column][vc_column width=&#8221;2\/3&#8243;][vc_raw_html]JTNDZGl2JTIwY2xhc3MlM0QlMjJ2aWRlby1jbHMlMjIlM0UlM0N2aWRlbyUyMHdpZHRoJTNEJTIyNDAwJTIyJTIwaGVpZ2h0JTNEJTIyMTAwJTI1JTIyJTIwY29udHJvbHMlM0QlMjIlMjIlM0UlMEElMjAlMjAlM0Nzb3VyY2UlMjBzcmMlM0QlMjIlMkZ3cC1jb250ZW50JTJGdXBsb2FkcyUyRjIwMjAlMkYwNyUyRlZJREVPLTIwMjAtMDctMjYtMTctNDEtMzEubXA0JTIyJTIwdHlwZSUzRCUyMnZpZGVvJTJGbXA0JTIyJTNFJTBBJTNDJTJGdmlkZW8lM0UlM0MlMkZkaXYlM0U=[\/vc_raw_html][\/vc_column][vc_column width=&#8221;1\/6&#8243;][\/vc_column][\/vc_row][vc_row full_width=&#8221;stretch_row&#8221; disable_element=&#8221;yes&#8221; css=&#8221;.vc_custom_1633449933720{margin-bottom: -43px !important;background-image: url(https:\/\/activa-belgium.com\/wp-content\/uploads\/2019\/11\/nos-services-engagements-activa-societe-nettoyage-Carli-Bruxelles.png?id=573) !important;background-position: 0 0 !important;background-repeat: no-repeat !important;}&#8221;][vc_column][vc_row_inner content_placement=&#8221;middle&#8221; css=&#8221;.vc_custom_1573827655107{padding-top: 8% !important;padding-bottom: 8% !important;}&#8221;][vc_column_inner css=&#8221;.vc_custom_1572876543618{padding-top: 15% !important;}&#8221;][vc_column_text css_animation=&#8221;fadeIn&#8221; el_class=&#8221;dark&#8221;]Do you need a <strong> cleaning company in Brussels\/Strong&gt; or in Belgium for the daily cleaning of your <strong> offices? You have a <b> a shopping center <\/b> and you would like to plan a regular maintenance carried out by professionals in the trade before moving on to a new product, a new order? You would like to have all your company&#8217;s glazing and your building&#8217;s windows cleaned? You would like to know more about our <strong>service handyman or facility <\/strong>in order to call upon our <strong>specialists for your maintenance and all your small daily works? Activa, <strong> Cleaning and Facility Services offers maintenance contracts adapted to your needs. Contact us now by phone and e-mail. We will answer you as soon as possible.<br \/>\n[\/vc_column_text][vc_btn title=&#8221;Contact-Us&#8221; style=&#8221;flat&#8221; shape=&#8221;round&#8221; color=&#8221;primary&#8221; align=&#8221;left&#8221; css_animation=&#8221;fadeInUp&#8221; link=&#8221;url:%2Fen%2Fcontact%2F|||&#8221;][\/vc_column_inner][\/vc_row_inner][\/vc_column][\/vc_row][vc_row full_width=&#8221;stretch_row&#8221; equal_height=&#8221;yes&#8221; content_placement=&#8221;middle&#8221; css=&#8221;.vc_custom_1633514778892{margin-bottom: -43px !important;padding-top: 80px !important;padding-bottom: 120px !important;background-image: url(https:\/\/activa-belgium.com\/wp-content\/uploads\/2021\/10\/bg-contact-accueil-activa-societe-nettoyage-Carli-Bruxelles.jpg?id=2222) !important;background-position: center !important;background-repeat: no-repeat !important;background-size: cover !important;}&#8221; el_class=&#8221;bloc-contact&#8221;][vc_column css=&#8221;.vc_custom_1633423211687{padding-top: 0px !important;}&#8221;][vc_column_text css=&#8221;.vc_custom_1647526088300{margin-bottom: 0px !important;}&#8221;]<\/strong><\/strong><\/strong><\/strong><\/strong><\/p>\n<p style=\"text-align: center;\"><strong>You need a cleaning company in Belgium for the daily and periodic cleaning of your buildings, carried out by professionals? <\/strong><br \/>\n<strong>Do you want to have all the windows (interior and exterior) of your company cleaned?<\/strong><br \/>\n<strong>You would like to know more about our handyman or facility service in order to call upon our specialists for your maintenance and all your small daily works?<\/strong><br \/>\n<strong>Activa S.A. offers contracts adapted to your needs.<\/strong><br \/>\n<strong>Contact us now by phone\/email.<\/strong><br \/>\n<strong>We will answer you as soon as possible.<\/strong><\/p>\n<p class=\"btn-contact\"><a href=\"\/en\/contact\/\">Contact us<\/a><\/p>\n<p>[\/vc_column_text][\/vc_column][\/vc_row]<\/p>\n<\/div>","protected":false},"excerpt":{"rendered":"<p>[vc_row full_width=&#8221;stretch_row_content_no_spaces&#8221; equal_height=&#8221;yes&#8221; content_placement=&#8221;middle&#8221; el_class=&#8221;respo-slider&#8221; css=&#8221;.vc_custom_1633622585313{padding-top: 70% !important;background-image: url(https:\/\/activa-belgium.com\/wp-content\/uploads\/2019\/11\/entreprise-publics-activa-societe-nettoyage-Carli-Bruxelles.jpg?id=543) !important;background-position: center !important;background-repeat: no-repeat !important;background-size: cover !important;}&#8221;][vc_column css=&#8221;.vc_custom_1633620678523{padding-top: 0px !important;}&#8221;][\/vc_column][\/vc_row][vc_row][vc_column][vc_column_text][\/vc_column_text][\/vc_column][\/vc_row][vc_row content_placement=&#8221;middle&#8221; disable_element=&#8221;yes&#8221; css=&#8221;.vc_custom_1633014106536{margin-top: 50px !important;}&#8221;][vc_column width=&#8221;1\/2&#8243;][vc_single_image image=&#8221;1983&#8243;<span class=\"excerpt-hellip\"> [\u2026]<\/span><\/p>\n","protected":false},"author":2,"featured_media":0,"parent":0,"menu_order":0,"comment_status":"closed","ping_status":"closed","template":"","meta":{"footnotes":""},"yoast_head":"<!-- This site is optimized with the Yoast SEO plugin v23.3 - https:\/\/yoast.com\/wordpress\/plugins\/seo\/ -->\n<title>Company in the cleaning sector in Brussels | Activa<\/title>\n<meta name=\"description\" content=\"Leader in the cleaning sector, Activa is a 100% Belgian family business and is one of the top 10 companies in the cleaning sector.\" \/>\n<meta name=\"robots\" content=\"index, follow, max-snippet:-1, max-image-preview:large, max-video-preview:-1\" \/>\n<link rel=\"canonical\" href=\"https:\/\/activa-belgium.com\/en\/\" \/>\n<meta property=\"og:locale\" content=\"en_US\" \/>\n<meta property=\"og:type\" content=\"article\" \/>\n<meta property=\"og:title\" content=\"Company in the cleaning sector in Brussels | Activa\" \/>\n<meta property=\"og:description\" content=\"Leader in the cleaning sector, Activa is a 100% Belgian family business and is one of the top 10 companies in the cleaning sector.\" \/>\n<meta property=\"og:url\" content=\"https:\/\/activa-belgium.com\/en\/\" \/>\n<meta property=\"og:site_name\" content=\"ACTIVA\" \/>\n<meta property=\"article:modified_time\" content=\"2024-12-17T16:16:35+00:00\" \/>\n<meta name=\"twitter:card\" content=\"summary_large_image\" \/>\n<meta name=\"twitter:label1\" content=\"Est. reading time\" \/>\n\t<meta name=\"twitter:data1\" content=\"11 minutes\" \/>\n<script type=\"application\/ld+json\" class=\"yoast-schema-graph\">{\"@context\":\"https:\/\/schema.org\",\"@graph\":[{\"@type\":\"WebPage\",\"@id\":\"https:\/\/activa-belgium.com\/en\/\",\"url\":\"https:\/\/activa-belgium.com\/en\/\",\"name\":\"Company in the cleaning sector in Brussels | Activa\",\"isPartOf\":{\"@id\":\"https:\/\/activa-belgium.com\/#website\"},\"datePublished\":\"2019-11-04T08:58:18+00:00\",\"dateModified\":\"2024-12-17T16:16:35+00:00\",\"description\":\"Leader in the cleaning sector, Activa is a 100% Belgian family business and is one of the top 10 companies in the cleaning sector.\",\"breadcrumb\":{\"@id\":\"https:\/\/activa-belgium.com\/en\/#breadcrumb\"},\"inLanguage\":\"en-US\",\"potentialAction\":[{\"@type\":\"ReadAction\",\"target\":[\"https:\/\/activa-belgium.com\/en\/\"]}]},{\"@type\":\"BreadcrumbList\",\"@id\":\"https:\/\/activa-belgium.com\/en\/#breadcrumb\",\"itemListElement\":[{\"@type\":\"ListItem\",\"position\":1,\"name\":\"Accueil\",\"item\":\"https:\/\/activa-belgium.com\/en\/\"},{\"@type\":\"ListItem\",\"position\":2,\"name\":\"Home\"}]},{\"@type\":\"WebSite\",\"@id\":\"https:\/\/activa-belgium.com\/#website\",\"url\":\"https:\/\/activa-belgium.com\/\",\"name\":\"ACTIVA\",\"description\":\"Cleaning &amp; Facility Services\",\"publisher\":{\"@id\":\"https:\/\/activa-belgium.com\/#organization\"},\"potentialAction\":[{\"@type\":\"SearchAction\",\"target\":{\"@type\":\"EntryPoint\",\"urlTemplate\":\"https:\/\/activa-belgium.com\/?s={search_term_string}\"},\"query-input\":\"required name=search_term_string\"}],\"inLanguage\":\"en-US\"},{\"@type\":\"Organization\",\"@id\":\"https:\/\/activa-belgium.com\/#organization\",\"name\":\"Activa\",\"url\":\"https:\/\/activa-belgium.com\/\",\"logo\":{\"@type\":\"ImageObject\",\"inLanguage\":\"en-US\",\"@id\":\"https:\/\/activa-belgium.com\/#\/schema\/logo\/image\/\",\"url\":\"https:\/\/activa-belgium.com\/wp-content\/uploads\/2019\/11\/logo-activa-societe-nettoyage-Carli-Bruxelles.png\",\"contentUrl\":\"https:\/\/activa-belgium.com\/wp-content\/uploads\/2019\/11\/logo-activa-societe-nettoyage-Carli-Bruxelles.png\",\"width\":183,\"height\":94,\"caption\":\"Activa\"},\"image\":{\"@id\":\"https:\/\/activa-belgium.com\/#\/schema\/logo\/image\/\"}}]}<\/script>\n<!-- \/ Yoast SEO plugin. -->","yoast_head_json":{"title":"Company in the cleaning sector in Brussels | Activa","description":"Leader in the cleaning sector, Activa is a 100% Belgian family business and is one of the top 10 companies in the cleaning sector.","robots":{"index":"index","follow":"follow","max-snippet":"max-snippet:-1","max-image-preview":"max-image-preview:large","max-video-preview":"max-video-preview:-1"},"canonical":"https:\/\/activa-belgium.com\/en\/","og_locale":"en_US","og_type":"article","og_title":"Company in the cleaning sector in Brussels | Activa","og_description":"Leader in the cleaning sector, Activa is a 100% Belgian family business and is one of the top 10 companies in the cleaning sector.","og_url":"https:\/\/activa-belgium.com\/en\/","og_site_name":"ACTIVA","article_modified_time":"2024-12-17T16:16:35+00:00","twitter_card":"summary_large_image","twitter_misc":{"Est. reading time":"11 minutes"},"schema":{"@context":"https:\/\/schema.org","@graph":[{"@type":"WebPage","@id":"https:\/\/activa-belgium.com\/en\/","url":"https:\/\/activa-belgium.com\/en\/","name":"Company in the cleaning sector in Brussels | Activa","isPartOf":{"@id":"https:\/\/activa-belgium.com\/#website"},"datePublished":"2019-11-04T08:58:18+00:00","dateModified":"2024-12-17T16:16:35+00:00","description":"Leader in the cleaning sector, Activa is a 100% Belgian family business and is one of the top 10 companies in the cleaning sector.","breadcrumb":{"@id":"https:\/\/activa-belgium.com\/en\/#breadcrumb"},"inLanguage":"en-US","potentialAction":[{"@type":"ReadAction","target":["https:\/\/activa-belgium.com\/en\/"]}]},{"@type":"BreadcrumbList","@id":"https:\/\/activa-belgium.com\/en\/#breadcrumb","itemListElement":[{"@type":"ListItem","position":1,"name":"Accueil","item":"https:\/\/activa-belgium.com\/en\/"},{"@type":"ListItem","position":2,"name":"Home"}]},{"@type":"WebSite","@id":"https:\/\/activa-belgium.com\/#website","url":"https:\/\/activa-belgium.com\/","name":"ACTIVA","description":"Cleaning &amp; Facility Services","publisher":{"@id":"https:\/\/activa-belgium.com\/#organization"},"potentialAction":[{"@type":"SearchAction","target":{"@type":"EntryPoint","urlTemplate":"https:\/\/activa-belgium.com\/?s={search_term_string}"},"query-input":"required name=search_term_string"}],"inLanguage":"en-US"},{"@type":"Organization","@id":"https:\/\/activa-belgium.com\/#organization","name":"Activa","url":"https:\/\/activa-belgium.com\/","logo":{"@type":"ImageObject","inLanguage":"en-US","@id":"https:\/\/activa-belgium.com\/#\/schema\/logo\/image\/","url":"https:\/\/activa-belgium.com\/wp-content\/uploads\/2019\/11\/logo-activa-societe-nettoyage-Carli-Bruxelles.png","contentUrl":"https:\/\/activa-belgium.com\/wp-content\/uploads\/2019\/11\/logo-activa-societe-nettoyage-Carli-Bruxelles.png","width":183,"height":94,"caption":"Activa"},"image":{"@id":"https:\/\/activa-belgium.com\/#\/schema\/logo\/image\/"}}]}},"_links":{"self":[{"href":"https:\/\/activa-belgium.com\/en\/wp-json\/wp\/v2\/pages\/1077"}],"collection":[{"href":"https:\/\/activa-belgium.com\/en\/wp-json\/wp\/v2\/pages"}],"about":[{"href":"https:\/\/activa-belgium.com\/en\/wp-json\/wp\/v2\/types\/page"}],"author":[{"embeddable":true,"href":"https:\/\/activa-belgium.com\/en\/wp-json\/wp\/v2\/users\/2"}],"replies":[{"embeddable":true,"href":"https:\/\/activa-belgium.com\/en\/wp-json\/wp\/v2\/comments?post=1077"}],"version-history":[{"count":18,"href":"https:\/\/activa-belgium.com\/en\/wp-json\/wp\/v2\/pages\/1077\/revisions"}],"predecessor-version":[{"id":2626,"href":"https:\/\/activa-belgium.com\/en\/wp-json\/wp\/v2\/pages\/1077\/revisions\/2626"}],"wp:attachment":[{"href":"https:\/\/activa-belgium.com\/en\/wp-json\/wp\/v2\/media?parent=1077"}],"curies":[{"name":"wp","href":"https:\/\/api.w.org\/{rel}","templated":true}]}}